{"id":69,"date":"2022-11-02T19:01:14","date_gmt":"2022-11-02T18:01:14","guid":{"rendered":"http:\/\/localhost\/progetti\/carmine\/?page_id=69"},"modified":"2024-06-17T17:25:11","modified_gmt":"2024-06-17T15:25:11","slug":"chi-sono","status":"publish","type":"page","link":"https:\/\/www.carminerapana.com\/index.php\/chi-sono\/","title":{"rendered":"Chi Sono"},"content":{"rendered":"\r\n<p class=\"wp-block-paragraph\" align=\"justify\"><img loading=\"lazy\" decoding=\"async\" src=\"https:\/\/www.carminerapana.com\/wp-content\/uploads\/2024\/06\/Progetto-senza-titolo-8.png\" alt=\"\" width=\"178\" height=\"248\" class=\"aligncenter wp-image-890\" srcset=\"https:\/\/www.carminerapana.com\/wp-content\/uploads\/2024\/06\/Progetto-senza-titolo-8.png 1101w, https:\/\/www.carminerapana.com\/wp-content\/uploads\/2024\/06\/Progetto-senza-titolo-8-215x300.png 215w, https:\/\/www.carminerapana.com\/wp-content\/uploads\/2024\/06\/Progetto-senza-titolo-8-733x1024.png 733w, https:\/\/www.carminerapana.com\/wp-content\/uploads\/2024\/06\/Progetto-senza-titolo-8-768x1073.png 768w, https:\/\/www.carminerapana.com\/wp-content\/uploads\/2024\/06\/Progetto-senza-titolo-8-1100x1536.png 1100w\" sizes=\"auto, (max-width: 178px) 100vw, 178px\" \/><\/p>\r\n<p align=\"justify\"><span style=\"color: #003366;\">Mi chiamo <em><strong>Carmine Rapan\u00e0<\/strong><strong>, <\/strong><\/em>Mental Coach ed esperto di legge dell\u2019attrazione e crescita personale e professionale.<\/span><\/p>\r\n<p align=\"justify\"><span style=\"color: #003366;\">Sono un <strong>Consulente Freelance <\/strong>che da anni lavora in Italia sui temi della riprogrammazione mentale e della crescita, ai miei mentori <em>Roberto Maria Vadal\u00e0 e Francesco Bellomo<\/em>, devo gran parte della mia crescita di consapevolezza in tema di mindset e realizzazione degli obiettivi.<\/span><\/p>\r\n<p align=\"justify\"><span style=\"color: #003366;\">Nella mia attivit\u00e0 non ti dir\u00f2 mai nulla per compiacereti, ma avr\u00f2 solo <\/span><strong style=\"color: #003366;\">l&#8217;intenzione di aiutarti a crescere, migliorare ed esprimere il tuo massimo<\/strong><span style=\"color: #003366;\">. <\/span><\/p>\r\n<p align=\"justify\"><span style=\"color: #003366;\">Adotto un approccio molto diretto: se noto qualcosa che non va, te lo dico senza giri di parole. <\/span><span style=\"color: #003366;\">Non sono qui per dirti che tutto \u00e8 facile, immediato o ridotto all\u2019essere positivi. Sono qui per dirti che sei davanti a una scelta: <\/span><strong style=\"color: #003366;\">prendere il controllo della tua vita <\/strong><span style=\"color: #003366;\">o continuare a lasciare che condizionamenti e abitudini guidino le tue azioni.<\/span><\/p>\r\n<p align=\"justify\"><span style=\"color: #003366;\">Ti sar\u00e0 capitato di incontrare persone che vivono la vita rilassate e felici, che ricevono ci\u00f2 che desiderano e ottengono risultati straordinari, mentre altre si affannano e non riescono a raggiungere i loro obiettivi. Ti sei mai chiesto il perch\u00e9?<\/span><\/p>\r\n<p align=\"justify\"><span style=\"color: #003366;\">La <strong>risposta<\/strong> \u00e8 pi\u00f9 semplice di quanto credi. Quelle persone <strong>pensano<\/strong>, pensano in un modo che le porta ad agire in modo diverso dalla massa.<\/span><\/p>\r\n<blockquote>\r\n<h5 style=\"text-align: center;\"><span style=\"color: #003366;\"><strong><em>\u201cSi tratta di vedere l\u2019invisibile, per realizzare l\u2019incredibile che la massa di persone definisce impossibile\u201d<\/em><\/strong><\/span><\/h5>\r\n<p style=\"text-align: right;\"><span style=\"color: #003366;\"><em>Bob Proctor<\/em><\/span><\/p>\r\n<\/blockquote>\r\n<p align=\"justify\"><\/p>\r\n<p align=\"justify\"><span style=\"color: #003366;\">Questa affermazione di <em>Bob Proctor<\/em> racchiude in s\u00e9 l\u2019essenza del viaggio che intraprenderemo insieme e che Ti porter\u00e0 a definire un <strong>nuovo modo<\/strong> di agire.<\/span><\/p>\r\n<p align=\"justify\"><span style=\"color: #003366;\">Desiderando realizzare me stesso e diventare la persona che ho sempre sognato, ho iniziato a studiare, frequentare corsi, leggere libri e ascoltare chi aveva gi\u00e0 realizzato i propri obiettivi. Questo viaggio interiore mi ha aiutato a capire cosa mi rende felice e qual \u00e8 il mio scopo nella vita<\/span><\/p>\r\n<p align=\"justify\"><span style=\"color: #003366;\">Ho superato dubbi, confusione, disagio e paura, realizzando che<strong> esiste un modo per fare le cose<\/strong>. Questo metodo non si basa solo sulle competenze, ma su 21 principi fondamentali dell\u2019esistenza umana e su un processo universale che permette la realizzazione progressiva delle nostre aspettative..<\/span><\/p>\r\n<blockquote>\r\n<h5 style=\"text-align: right;\"><span style=\"color: #003366;\"><strong><em>\u201cIn natura ogni cosa vive e si dona al massimo. Solo gli esseri umani risparmiano la loro gioia, il loro amore la loro pace, per riposare in pace\u201d<\/em><\/strong><\/span><\/h5>\r\n<p style=\"text-align: right;\"><span style=\"color: #003366;\"><em>Sandhguru<\/em><\/span><\/p>\r\n<\/blockquote>\r\n<p><span style=\"color: #003366;\">Durante la mia ricerca, <strong>ho ricevuto le risposte pi\u00f9 importanti<\/strong> su chi sono e cosa voglio realizzare nella mia vita. Questo mi ha permesso di vedere come l\u2019Universo mi avesse gi\u00e0 offerto numerose opportunit\u00e0, senza che io ne cogliessi il messaggio.<\/span><\/p>\r\n<p><span style=\"color: #003366;\">Questa accresciuta consapevolezza mi ha portato a definire il mio scopo: <\/span><\/p>\r\n<p style=\"text-align: center;\"><span style=\"color: #003366;\"><em><strong>aiutare le persone ad essere felici e coerenti con i loro desideri.<\/strong><\/em><\/span><\/p>\r\n<p><span style=\"color: #003366;\">Il mio obiettivo \u00e8 divulgare ci\u00f2 che ha trasformato la mia vita, rendendola il meraviglioso viaggio che ciascuno merita.<\/span><\/p>\r\n<blockquote>\r\n<h5 style=\"text-align: right;\"><span style=\"color: #003366;\"><strong><em>\u201cIl cambiamento \u00e8 qualcosa di inevitabile, la crescita personale una decisione\u201d<\/em><\/strong><\/span><\/h5>\r\n<p style=\"text-align: right;\"><span style=\"color: #003366;\"><em>Bob Proctor<\/em><\/span><\/p>\r\n<\/blockquote>\r\n<p><span style=\"color: #003366;\">\r\n\r\n\r\n\r\n<\/span><\/p>\r\n<p class=\"wp-block-paragraph\" align=\"justify\"><span style=\"color: #003366;\">Sono abituato a parlare con le persone ed analizzare in modo oggettivo situazioni e circostanze, questo mi ha portato a vedere con i miei occhi come la vita possa esse <strong>trasformata<\/strong> in un battito di ciglia se <strong>credi<\/strong> in ci\u00f2 che fai, <strong>accetti<\/strong> di affrontare le Tue paure ed indirizzi il Tuo essere verso un unico <strong>obiettivo<\/strong>.<\/span><\/p>\r\n<p align=\"justify\"><\/p>\r\n<p align=\"justify\"><\/p>\r\n<h3><span style=\"color: #003366;\"><strong>La mia Storia &#8230;<\/strong><\/span><\/h3>\r\n<p><span style=\"color: #003366;\">Sono nato in un piccolo paese della provincia di Cosenza, un luogo che riflette le bellezze e le contraddizioni del sud Italia. Sono immensamente grato alla mia famiglia, che mi ha permesso di affrontare la vita con serenit\u00e0, sapendo di essere amato e di avere sempre qualcuno su cui contare. La mia infanzia \u00e8 stata felice, caratterizzata dalla mia sensibilit\u00e0 verso le emozioni e dal desiderio di realizzare qualcosa di grande. Sin da piccolo, amavo sognare ad occhi aperti, immaginando futuri possibili e scenari fantastici.<\/span><\/p>\r\n<p><span style=\"color: #003366;\">Quando si \u00e8 bambini, <strong>non ci sono limiti a ci\u00f2 che si pu\u00f2 immaginare di realizzare<\/strong>. Quella coscienza innata di essere parte di un tutto permette di credere nell\u2019invisibile incondizionatamente.<\/span><\/p>\r\n<h5 style=\"text-align: right;\"><span style=\"color: #003366;\"><strong><em>&#8220;Sogno di dipingere e poi dipingo il mio sogno&#8221;<\/em><\/strong><\/span><\/h5>\r\n<blockquote>\r\n<p style=\"text-align: right;\"><span style=\"color: #003366;\"><em>Vincent Van Gog<\/em>h<\/span><\/p>\r\n<\/blockquote>\r\n<p align=\"justify\"><span style=\"color: #003366;\">Crescendo, ho iniziato a percepire <strong>un mondo in cui tutti ti dicono cosa dovresti fare, essere e sognare<\/strong>. Questo porta alla formazione di credenze e abitudini che definiscono ci\u00f2 che \u00e8 giusto e sbagliato, vero o falso, secondo una visione conformista e soggettiva.<\/span><\/p>\r\n<blockquote>\r\n<h5 style=\"text-align: right;\"><span style=\"color: #003366;\"><strong>\u201cAttento \u00e8 troppo pericoloso, attendo ci vuole troppo tempo \u00e8 difficile, lascia perdere, non pensarci nemmeno, potresti scegliere una soluzione meno fantasiosa, resta con i piedi per terra, i sogni si avverano solo nelle favole ecc. ecc.\u201d<\/strong><\/span><\/h5>\r\n<p style=\"text-align: right;\"><span style=\"color: #003366;\"><em>Il Conformismo<\/em><\/span><\/p>\r\n<\/blockquote>\r\n<p align=\"justify\"><span style=\"color: #003366;\">Sono arrivato in fondo e poi risalito, come la maggior parte ho finito per credere, per ascoltare, per conformarmi a tutto quello che credevo di non essere a tutte quelle che erano le mie paure. Seguendo questo percorso mi sono ritrovato nella situazione \u201causpicabile\u201d dalla Societ\u00e0.<\/span><\/p>\r\n<p align=\"&quot;justify\"><span style=\"color: #003366;\">La domanda che da qualche anno mi frullava in testa era, dove sono finite le grandi cose che avevo immaginato, i miei sogni e quello che pensavo di voler realizzare?<\/span><\/p>\r\n<p><span style=\"color: #003366;\">Ho riflettuto molto e volevo cambiare, ma la paura di lasciare la zona di comfort mi ha trattenuto per anni. I condizionamenti, le abitudini e le barriere mentali mi impedivano di decidere, e cos\u00ec rimanevo fermo, incapace di ripartire.<\/span><\/p>\r\n<p><span style=\"color: #003366;\">Tuttavia, quando un desiderio inizia a bruciare dentro, <strong>l&#8217;Universo \u00e8 pronto a manifestarlo<\/strong>. Una sera, guardando un video una persona disse che se non ci vediamo coerenti con la chi vogliamo diventare, non lo diventeremo mai, perch\u00e9 siamo governati da un meccanismo autoregolatore.<\/span><\/p>\r\n<p><span style=\"color: #003366;\">Quel momento fu per me una rivelazione: la soluzione era chiara dovevo riprendere a pensare e riprogrammare la mia mentale.<\/span><\/p>\r\n<h5 style=\"text-align: center;\"><span style=\"color: #003366;\"><em>Da l\u00ec \u00e8 cambiato tutto, perch\u00e9 ho deciso cambiare io.<\/em><\/span><\/h5>\r\n<p><span style=\"color: #003366;\">Ho iniziato a cambiare ogni pensiero su di me e su ci\u00f2 che non mi faceva stare bene, ricordando cosa mi faceva veramente vibrare l\u2019anima. \u00c8 stato un periodo di introspezione, studio, meditazione e nuove esperienze. Ho coltivato il mio giardino interiore, curando i pensieri che vi seminavo, sapendo che la trasformazione sarebbe avvenuta.<\/span><\/p>\r\n<p><span style=\"color: #003366;\">Giorno dopo giorno, la coscienza e la consapevolezza crescevano. I desideri ardenti cominciavano a realizzarsi, spingendomi oltre i limiti delle mie credenze. Ho costruito un nuovo credo, lasciando andare il passato e iniziando a fare ci\u00f2 che amo:<strong> ascoltare le persone e aiutarle a migliorare la loro vita.<\/strong><\/span><\/p>\r\n<p><span style=\"color: #003366;\">Uno dei principi che guidano la mia vita \u00e8 \u201cper ricevere si deve prima dare&#8221;.<\/span><\/p>\r\n<p><span style=\"color: #003366;\"><strong> Questo approccio mi ha permesso di attrarre nella mia vita persone che prima non notavo e ispirare chi mi conosce a compiere scelte audaci per realizzare obiettivi grandiosi.<\/strong><\/span><\/p>\r\n<div class=\"group\/conversation-turn relative flex w-full min-w-0 flex-col agent-turn\">\r\n<div class=\"flex-col gap-1 md:gap-3\">\r\n<div class=\"flex flex-grow flex-col max-w-full\">\r\n<div data-message-author-role=\"assistant\" data-message-id=\"353005aa-a9f1-46cd-b8b4-974156baf3fa\" dir=\"auto\" class=\"min-h-[20px] text-message flex flex-col items-start whitespace-pre-wrap break-words [.text-message+&amp;]:mt-5 juice:w-full juice:items-end overflow-x-auto gap-2\">\r\n<div class=\"flex w-full flex-col gap-1 juice:empty:hidden juice:first:pt-[3px]\">\r\n<div class=\"markdown prose w-full break-words dark:prose-invert light\">\r\n<p><span style=\"color: #003366;\">Non ho intenzione di fermarmi, avendo gi\u00e0 sperimentato cosa significa essere bloccati. Desidero che le persone con cui interagisco raggiungano i loro obiettivi e vivano una vita piena, felice e abbondante. Continuo a formarmi e a studiare costantemente, incontrando nuove persone e contribuendo alla loro crescita.<\/span><\/p>\r\n<p><span style=\"color: #003366;\"><strong>Questa dedizione mi avvicina sempre pi\u00f9 alla persona che voglio essere e trasforma la mia vita in una grande avventura giorno dopo giorno.<\/strong><\/span><\/p>\r\n<\/div>\r\n<\/div>\r\n<\/div>\r\n<\/div>\r\n<\/div>\r\n<\/div>\r\n<h5 style=\"text-align: center;\"><span style=\"color: #003366;\"><strong><em>Al vostro inevitabile successo!<\/em><\/strong><\/span><\/h5>\r\n<p>&nbsp;<\/p>\r\n","protected":false},"excerpt":{"rendered":"<p>Mi chiamo Carmine Rapan\u00e0, Mental Coach ed esperto di legge dell\u2019attrazione e crescita personale e professionale. Sono un Consulente Freelance che da anni lavora in Italia sui temi della riprogrammazione mentale e della crescita, ai miei mentori Roberto Maria Vadal\u00e0 e Francesco Bellomo, devo gran parte della mia crescita di [&hellip;]<\/p>\n","protected":false},"author":1,"featured_media":0,"parent":0,"menu_order":0,"comment_status":"closed","ping_status":"open","template":"","meta":{"footnotes":""},"class_list":["post-69","page","type-page","status-publish","hentry"],"yoast_head":"<!-- This site is optimized with the Yoast SEO plugin v21.5 - https:\/\/yoast.com\/wordpress\/plugins\/seo\/ -->\n<title>Chi Sono - Carmine Rapan\u00e0 - Mental Coach<\/title>\n<meta name=\"description\" content=\"Aiuto le persone a sciogliere le catene dei loro condizionamenti liberando il potere della mente.Inizia a vivere la vita che hai sempre sognato!\" \/>\n<meta name=\"robots\" content=\"index, follow, max-snippet:-1, max-image-preview:large, max-video-preview:-1\" \/>\n<link rel=\"canonical\" href=\"https:\/\/www.carminerapana.com\/index.php\/chi-sono\/\" \/>\n<meta property=\"og:locale\" content=\"it_IT\" \/>\n<meta property=\"og:type\" content=\"article\" \/>\n<meta property=\"og:title\" content=\"Chi Sono - Carmine Rapan\u00e0 - Mental Coach\" \/>\n<meta property=\"og:description\" content=\"Aiuto le persone a sciogliere le catene dei loro condizionamenti liberando il potere della mente.Inizia a vivere la vita che hai sempre sognato!\" \/>\n<meta property=\"og:url\" content=\"https:\/\/www.carminerapana.com\/index.php\/chi-sono\/\" \/>\n<meta property=\"og:site_name\" content=\"Carmine Rapan\u00e0 - Mental Coach\" \/>\n<meta property=\"article:publisher\" content=\"https:\/\/www.facebook.com\/profile.php?id=100089251771047\" \/>\n<meta property=\"article:modified_time\" content=\"2024-06-17T15:25:11+00:00\" \/>\n<meta property=\"og:image\" content=\"https:\/\/www.carminerapana.com\/wp-content\/uploads\/2024\/06\/Progetto-senza-titolo-8.png\" \/>\n<meta name=\"twitter:card\" content=\"summary_large_image\" \/>\n<meta name=\"twitter:label1\" content=\"Tempo di lettura stimato\" \/>\n\t<meta name=\"twitter:data1\" content=\"6 minuti\" \/>\n<script type=\"application\/ld+json\" class=\"yoast-schema-graph\">{\"@context\":\"https:\/\/schema.org\",\"@graph\":[{\"@type\":\"WebPage\",\"@id\":\"https:\/\/www.carminerapana.com\/index.php\/chi-sono\/\",\"url\":\"https:\/\/www.carminerapana.com\/index.php\/chi-sono\/\",\"name\":\"Chi Sono - Carmine Rapan\u00e0 - Mental Coach\",\"isPartOf\":{\"@id\":\"https:\/\/www.carminerapana.com\/#website\"},\"datePublished\":\"2022-11-02T18:01:14+00:00\",\"dateModified\":\"2024-06-17T15:25:11+00:00\",\"description\":\"Aiuto le persone a sciogliere le catene dei loro condizionamenti liberando il potere della mente.Inizia a vivere la vita che hai sempre sognato!\",\"breadcrumb\":{\"@id\":\"https:\/\/www.carminerapana.com\/index.php\/chi-sono\/#breadcrumb\"},\"inLanguage\":\"it-IT\",\"potentialAction\":[{\"@type\":\"ReadAction\",\"target\":[\"https:\/\/www.carminerapana.com\/index.php\/chi-sono\/\"]}]},{\"@type\":\"BreadcrumbList\",\"@id\":\"https:\/\/www.carminerapana.com\/index.php\/chi-sono\/#breadcrumb\",\"itemListElement\":[{\"@type\":\"ListItem\",\"position\":1,\"name\":\"Home\",\"item\":\"https:\/\/www.carminerapana.com\/\"},{\"@type\":\"ListItem\",\"position\":2,\"name\":\"Chi Sono\"}]},{\"@type\":\"WebSite\",\"@id\":\"https:\/\/www.carminerapana.com\/#website\",\"url\":\"https:\/\/www.carminerapana.com\/\",\"name\":\"Carmine Rapan\u00e0 - Mental Coach\",\"description\":\"Carmine Rapan\u00e0 - Mental Coach\",\"publisher\":{\"@id\":\"https:\/\/www.carminerapana.com\/#\/schema\/person\/0e3f666d21f2213afbed6d9b85df2f9a\"},\"potentialAction\":[{\"@type\":\"SearchAction\",\"target\":{\"@type\":\"EntryPoint\",\"urlTemplate\":\"https:\/\/www.carminerapana.com\/?s={search_term_string}\"},\"query-input\":\"required name=search_term_string\"}],\"inLanguage\":\"it-IT\"},{\"@type\":[\"Person\",\"Organization\"],\"@id\":\"https:\/\/www.carminerapana.com\/#\/schema\/person\/0e3f666d21f2213afbed6d9b85df2f9a\",\"name\":\"Carmine Rapan\u00e0\",\"image\":{\"@type\":\"ImageObject\",\"inLanguage\":\"it-IT\",\"@id\":\"https:\/\/www.carminerapana.com\/#\/schema\/person\/image\/\",\"url\":\"https:\/\/www.carminerapana.com\/wp-content\/uploads\/2024\/04\/cropped-Carmine-Rapana-mental-coach-300x99-1.jpg\",\"contentUrl\":\"https:\/\/www.carminerapana.com\/wp-content\/uploads\/2024\/04\/cropped-Carmine-Rapana-mental-coach-300x99-1.jpg\",\"width\":300,\"height\":99,\"caption\":\"Carmine Rapan\u00e0\"},\"logo\":{\"@id\":\"https:\/\/www.carminerapana.com\/#\/schema\/person\/image\/\"},\"sameAs\":[\"https:\/\/test.carminerapana.com\",\"https:\/\/www.facebook.com\/profile.php?id=100089251771047\"]}]}<\/script>\n<!-- \/ Yoast SEO plugin. -->","yoast_head_json":{"title":"Chi Sono - Carmine Rapan\u00e0 - Mental Coach","description":"Aiuto le persone a sciogliere le catene dei loro condizionamenti liberando il potere della mente.Inizia a vivere la vita che hai sempre sognato!","robots":{"index":"index","follow":"follow","max-snippet":"max-snippet:-1","max-image-preview":"max-image-preview:large","max-video-preview":"max-video-preview:-1"},"canonical":"https:\/\/www.carminerapana.com\/index.php\/chi-sono\/","og_locale":"it_IT","og_type":"article","og_title":"Chi Sono - Carmine Rapan\u00e0 - Mental Coach","og_description":"Aiuto le persone a sciogliere le catene dei loro condizionamenti liberando il potere della mente.Inizia a vivere la vita che hai sempre sognato!","og_url":"https:\/\/www.carminerapana.com\/index.php\/chi-sono\/","og_site_name":"Carmine Rapan\u00e0 - Mental Coach","article_publisher":"https:\/\/www.facebook.com\/profile.php?id=100089251771047","article_modified_time":"2024-06-17T15:25:11+00:00","og_image":[{"url":"https:\/\/www.carminerapana.com\/wp-content\/uploads\/2024\/06\/Progetto-senza-titolo-8.png"}],"twitter_card":"summary_large_image","twitter_misc":{"Tempo di lettura stimato":"6 minuti"},"schema":{"@context":"https:\/\/schema.org","@graph":[{"@type":"WebPage","@id":"https:\/\/www.carminerapana.com\/index.php\/chi-sono\/","url":"https:\/\/www.carminerapana.com\/index.php\/chi-sono\/","name":"Chi Sono - Carmine Rapan\u00e0 - Mental Coach","isPartOf":{"@id":"https:\/\/www.carminerapana.com\/#website"},"datePublished":"2022-11-02T18:01:14+00:00","dateModified":"2024-06-17T15:25:11+00:00","description":"Aiuto le persone a sciogliere le catene dei loro condizionamenti liberando il potere della mente.Inizia a vivere la vita che hai sempre sognato!","breadcrumb":{"@id":"https:\/\/www.carminerapana.com\/index.php\/chi-sono\/#breadcrumb"},"inLanguage":"it-IT","potentialAction":[{"@type":"ReadAction","target":["https:\/\/www.carminerapana.com\/index.php\/chi-sono\/"]}]},{"@type":"BreadcrumbList","@id":"https:\/\/www.carminerapana.com\/index.php\/chi-sono\/#breadcrumb","itemListElement":[{"@type":"ListItem","position":1,"name":"Home","item":"https:\/\/www.carminerapana.com\/"},{"@type":"ListItem","position":2,"name":"Chi Sono"}]},{"@type":"WebSite","@id":"https:\/\/www.carminerapana.com\/#website","url":"https:\/\/www.carminerapana.com\/","name":"Carmine Rapan\u00e0 - Mental Coach","description":"Carmine Rapan\u00e0 - Mental Coach","publisher":{"@id":"https:\/\/www.carminerapana.com\/#\/schema\/person\/0e3f666d21f2213afbed6d9b85df2f9a"},"potentialAction":[{"@type":"SearchAction","target":{"@type":"EntryPoint","urlTemplate":"https:\/\/www.carminerapana.com\/?s={search_term_string}"},"query-input":"required name=search_term_string"}],"inLanguage":"it-IT"},{"@type":["Person","Organization"],"@id":"https:\/\/www.carminerapana.com\/#\/schema\/person\/0e3f666d21f2213afbed6d9b85df2f9a","name":"Carmine Rapan\u00e0","image":{"@type":"ImageObject","inLanguage":"it-IT","@id":"https:\/\/www.carminerapana.com\/#\/schema\/person\/image\/","url":"https:\/\/www.carminerapana.com\/wp-content\/uploads\/2024\/04\/cropped-Carmine-Rapana-mental-coach-300x99-1.jpg","contentUrl":"https:\/\/www.carminerapana.com\/wp-content\/uploads\/2024\/04\/cropped-Carmine-Rapana-mental-coach-300x99-1.jpg","width":300,"height":99,"caption":"Carmine Rapan\u00e0"},"logo":{"@id":"https:\/\/www.carminerapana.com\/#\/schema\/person\/image\/"},"sameAs":["https:\/\/test.carminerapana.com","https:\/\/www.facebook.com\/profile.php?id=100089251771047"]}]}},"_links":{"self":[{"href":"https:\/\/www.carminerapana.com\/index.php\/wp-json\/wp\/v2\/pages\/69","targetHints":{"allow":["GET"]}}],"collection":[{"href":"https:\/\/www.carminerapana.com\/index.php\/wp-json\/wp\/v2\/pages"}],"about":[{"href":"https:\/\/www.carminerapana.com\/index.php\/wp-json\/wp\/v2\/types\/page"}],"author":[{"embeddable":true,"href":"https:\/\/www.carminerapana.com\/index.php\/wp-json\/wp\/v2\/users\/1"}],"replies":[{"embeddable":true,"href":"https:\/\/www.carminerapana.com\/index.php\/wp-json\/wp\/v2\/comments?post=69"}],"version-history":[{"count":47,"href":"https:\/\/www.carminerapana.com\/index.php\/wp-json\/wp\/v2\/pages\/69\/revisions"}],"predecessor-version":[{"id":898,"href":"https:\/\/www.carminerapana.com\/index.php\/wp-json\/wp\/v2\/pages\/69\/revisions\/898"}],"wp:attachment":[{"href":"https:\/\/www.carminerapana.com\/index.php\/wp-json\/wp\/v2\/media?parent=69"}],"curies":[{"name":"wp","href":"https:\/\/api.w.org\/{rel}","templated":true}]}}