{"id":704,"date":"2023-01-17T21:33:44","date_gmt":"2023-01-17T20:33:44","guid":{"rendered":"https:\/\/www.carminerapana.com\/?page_id=704"},"modified":"2023-01-19T19:06:18","modified_gmt":"2023-01-19T18:06:18","slug":"privacy","status":"publish","type":"page","link":"https:\/\/www.carminerapana.com\/index.php\/privacy\/","title":{"rendered":"Privacy"},"content":{"rendered":"<p style=\"text-align: left;\"><span style=\"color: #000000;\"><strong>Cookie e Privacy Policy<\/strong><\/span><\/p>\n<p align=\"justify\"><style=\"text-align: left;\"><span style=\"color: #000000;\">Il mio nome \u00e8 Carmine Rapan\u00e0 e sono un Esperto in Legge dell\u2019Attrazione, Mental Coach e consulente VMR Sonsulting.<\/span><\/p>\n<p align=\"justify\"><span style=\"color: #000000;\">Nell\u2019esercitare la mia attivit\u00e0, ho la necessit\u00e0 di trattare dati personali dei miei Clienti o anche di semplici curiosi che mi chiedono informazioni, preventivi riguardanti i miei percorsi formativi o semplicemente si iscrivono alla mia newsletter.<\/span><\/p>\n<p align=\"justify\"><span style=\"color: #000000;\">Ci\u00f2, ai sensi del nuovo Regolamento Europeo sulla Privacy (Reg UE 679\/2016) che probabilmente Tu conosci come GDPR e che d\u2019ora in avanti chiamer\u00f2 in questo modo, fa di me il Responsabile del trattamento dei dati personali, mentre fa di Te, se rientri in una delle categorie di cui sopra, un Interessato.<\/span><\/p>\n<p align=\"justify\"><span style=\"color: #000000;\"><strong>Finalit\u00e0, base legale del trattamento dei Tuoi dati personali e tipo di dati.<\/strong><\/span><\/p>\n<p align=\"justify\"><span style=\"color: #000000;\">Quando Tu mi chiedi una Consulenza devo necessariamente venire a conoscenza di alcuni Tuoi dati personali. Posso avere bisogno di tali dati anche solamente per redigere un preventivo, sempre dietro Tua richiesta. Alcuni di essi sono dati \u201ccomuni\u201d, come ad esempio i Tuoi recapiti, i Tuoi dati anagrafici, dati fiscali che mi servono per la fatturazione, e simili. Il medesimo discorso si applica quando tu acquisti un qualsiasi prodotto o servizio che io vendo tramite le mie piattaforme (es.sito web).<\/span><\/p>\n<p align=\"justify\"><span style=\"color: #000000;\">Altri sono dati che il GDPR definisce \u201cparticolari\u201d, e cio\u00e8 dati personali che rivelino l\u2019origine razziale o etnica, le opinioni politiche, le convinzioni religiose o filosofiche, l\u2019appartenenza sindacale, nonch\u00e9 dati genetici, biometrici intesi ad identificare in modo univoco una persona fisica, dati relativi alla salute o alla vita sessuale o all\u2019orientamento sessuale. Tali dati spesso sono essenziali per poterTi fornire la Consulenza Individuale che Tu mi hai richiesto, perch\u00e9 non posso aiutarTi se Tu, ad esempio, non mi racconti chi sei, quali opinioni hai e le Tue convinzioni.<\/span><\/p>\n<p align=\"justify\"><span style=\"color: #000000;\">La base legale che mi consente di trattare tutti questi dati \u00e8 il Tuo consenso al trattamento per finalit\u00e0 di consulenza individuale: se Ti interessa approfondire gli aspetti giuridici della materia, puoi consultare il GDPR, agli articoli 6, paragrafo 1 lettera a) e 9, paragrafo 2, lettera a).<\/span><\/p>\n<p align=\"justify\"><span style=\"color: #000000;\">Ti ricordo altres\u00ec che, una volta sottoscritto il Contratto di Collaborazione Professionale, la base giuridica del trattamento potrebbe essere costituita anche dalla necessit\u00e0 di dare esecuzione al contratto stesso e ad adempiere ad obblighi di legge a cui potrei essere soggetto (ad esempio, contabili e fiscali): se Ti interessa<\/span><\/p>\n<p align=\"justify\"><span style=\"color: #000000;\">approfondire gli aspetti giuridici della materia, puoi consultare il GDPR, all\u2019articolo 6, paragrafo 1, lettere b) e c);<\/span><\/p>\n<p align=\"justify\"><span style=\"color: #000000;\">Quando invece Ti iscrivi alla mia newsletter, raccolgo i Tuoi dati anagrafici,\u00a0 il Tuo indirizzo mail, il Tuo numero di telefono, per tenerti aggiornato sulle novit\u00e0 in materia di Mental Coaching e benessere individuale. Anche in questo caso, posso trattare i Tuoi dati personali grazie al consenso che Tu mi hai dato barrando l\u2019apposita casella.<\/span><\/p>\n<p><em><strong><span style=\"color: #000000;\">Categorie di destinatari dei Tuoi dati personali<\/span><\/strong><\/em><\/p>\n<p align=\"justify\"><span style=\"color: #000000;\">I Tuoi dati personali per me sono importanti. Per questo, non li comunico ad altri soggetti se non a fornitori informatici (che forniscono un host o supportano i miei sistemi informatici che includono le Tue informazioni).<\/span><\/p>\n<p align=\"justify\"><span style=\"color: #000000;\">Inoltre, per finalit\u00e0 legate al contratto di Consulenza Individuale, i Tuoi dati personali possono essere comunicati a Professionisti di cui mi avvalgo (a titolo esemplificativo e non esaustivo avvocati, commercialisti, consulenti del lavoro) e a fornitori di servizi di back office, per la corretta esecuzione del contratto medesimo e la relativa gestione contabile e finanziaria.<\/span><br \/>\n<span style=\"color: #000000;\">Potrei comunicare i Tuoi dati ad Organismi di vigilanza, Autorit\u00e0 giudiziarie nonch\u00e9 a tutti gli altri soggetti ai quali la comunicazione sia obbligatoria per legge e\/o per l\u2019espletamento delle finalit\u00e0 dette. I Tuoi dati non saranno, in ogni caso, diffusi.<\/span><\/p>\n<p><span style=\"color: #000000;\"><strong>Periodo di conservazione dei dati personali<\/strong><\/span><\/p>\n<p align=\"justify\"><span style=\"color: #000000;\">Quando sottoscriviamo insieme un Contratto di Collaborazione Professionale, conservo i Tuoi dati per tutta la durata del Contratto ed inoltre per un periodo di 10 anni dalla conclusione del medesimo, per finalit\u00e0 fiscali e di tutela del mio lavoro, anche ai sensi degli art. 2946 e seguenti del Codice Civile.<\/span><\/p>\n<p align=\"justify\"><span style=\"color: #000000;\">Quando mi chiedi un preventivo, conservo i Tuoi dati per 6 mesi dalla Tua richiesta.<\/span><\/p>\n<p align=\"justify\"><span style=\"color: #000000;\">Quando Ti iscrivi alla mia newsletter, conservo i Tuoi dati per 1 anno dalla Tua iscrizione.<\/span><\/p>\n<p><span style=\"color: #000000;\"><em><strong>Trasferimento dei dati personali<\/strong><\/em><\/span><\/p>\n<p align=\"justify\"><span style=\"color: #000000;\">I dati personali sono conservati all\u2019interno dell\u2019Unione Europea. Non ho, al momento, intenzione di trasferire dati personali verso paesi terzi fuori dall\u2019Unione Europea o ad organizzazioni internazionali. Resta in ogni caso inteso che, ove si rendesse necessario, avr\u00f2 facolt\u00e0 di trasferire i dati anche extra-UE. In tal caso, Ti<\/span><\/p>\n<p align=\"justify\"><span style=\"color: #000000;\">assicuro sin d\u2019ora che il trasferimento dei dati extra-UE avverr\u00e0 in conformit\u00e0 alle disposizioni di legge applicabili.<\/span><\/p>\n<p><span style=\"color: #000000;\"><strong>Quali sono i Tuoi diritti?<\/strong><\/span><\/p>\n<p align=\"justify\"><span style=\"color: #000000;\">Nella Tua qualit\u00e0 di interessato, Tu hai i seguenti diritti che puoi far valere utilizzando i recapiti a fondo pagina.<\/span><br \/>\n<span style=\"color: #000000;\">Diritto di accedere e ottenere una copia dei tuoi dati personali Hai il diritto di richiedere la conferma che sto trattando qualsivoglia Tuo dato personale. Se \u00e8 questo il caso, potrai avere accesso ai tuoi dati personali e ad alcune informazioni in merito al loro trattamento. In alcuni casi puoi chiedere di fornirTi una copia elettronica dei tuoi dati.<\/span><br \/>\n<span style=\"color: #000000;\"><em>Diritto di rettifica dei tuoi dati personali <\/em><\/span><\/p>\n<p align=\"justify\"><span style=\"color: #000000;\">Nel caso in cui sei in grado di dimostrare la non correttezza dei Tuoi dati personali che sto trattando, hai la possibilit\u00e0 di richiedermi l\u2019aggiornamento di tali dati oppure<\/span><\/p>\n<p align=\"justify\"><span style=\"color: #000000;\">la loro correzione.<\/span><\/p>\n<p><strong><span style=\"color: #000000;\">Diritto alla cancellazione dei dati<\/span><\/strong><\/p>\n<p align=\"justify\"><span style=\"color: #000000;\">In alcune circostanze hai il diritto di richiedere una limitazione del trattamento dei <\/span><span style=\"color: #000000;\">Tuoi dati personali e\/o la cancellazione dei medesimi. Hai la facolt\u00e0 di presentare <\/span><span style=\"color: #000000;\">questa richiesta in qualsiasi momento e sar\u00e0 mia cura valutare la possibilit\u00e0 di <\/span><span style=\"color: #000000;\">accoglierla. Tuttavia, devo informarTi che tale diritto \u00e8 soggetto a diritti o obblighi <\/span><span style=\"color: #000000;\">giuridici e quindi potrei dover conservare i dati in questione.<\/span><\/p>\n<p align=\"justify\"><span style=\"color: #000000;\">Nelle situazioni in cui, ai sensi di legge, la Tua richiesta di cancellazione dei dati <\/span><span style=\"color: #000000;\">personali possa essere accolta, provveder\u00f2 immediatamente a farlo senza ritardi <\/span><span style=\"color: #000000;\">ingiustificati.<\/span><\/p>\n<p align=\"justify\"><span style=\"color: #000000;\">Ti prego di tenere presente che, una volta cancellati i dati, potrei non esserTi pi\u00f9 <\/span><span style=\"color: #000000;\">utile, non essendo pi\u00f9 in possesso delle informazioni che Ti riguardano.\u00a0<\/span><\/p>\n<p><strong><span style=\"color: #000000;\">Diritto alla limitazione del trattamento o di opposizione al trattamento medesimo<\/span><\/strong><\/p>\n<p align=\"justify\"><span style=\"color: #000000;\">In alcuni casi, hai il diritto di ottenere la limitazione del trattamento che io faccio sui <\/span><span style=\"color: #000000;\">Tuoi dati, oppure di opporti a tale trattamento in riferimento alla tua particolare <\/span><span style=\"color: #000000;\">situazione.<\/span><\/p>\n<p><strong><span style=\"color: #000000;\">Diritto di opposizione al trattamento per finalit\u00e0 di marketing\u00a0<\/span><\/strong><\/p>\n<p align=\"justify\"><span style=\"color: #000000;\">Per quanto riguarda la eventuale iscrizione alla newsletter, puoi cancellare la Tua <\/span><span style=\"color: #000000;\">iscrizione in ogni momento cliccando sull\u2019apposito link in fondo alle e-mail che <\/span><span style=\"color: #000000;\">ricevi.<\/span><br \/>\n<strong><span style=\"color: #000000;\"><\/span><\/strong><\/p>\n<p><strong><span style=\"color: #000000;\">Diritto di reclamo alle Autorit\u00e0 di controllo<\/span><\/strong><\/p>\n<p align=\"justify\"><span style=\"color: #000000;\">Tengo in massima considerazione i Tuoi diritti e le Tue eventuali richieste e <\/span><span style=\"color: #000000;\">rimostranze. Tuttavia, laddove Tu ritenga che le Tue segnalazioni non abbiano avuto <\/span><span style=\"color: #000000;\">una risposta adeguata, hai il diritto di presentare reclamo presso l\u2019Autorit\u00e0 Garante <\/span><span style=\"color: #000000;\">della Privacy.<\/span><br \/>\n<span style=\"color: #000000;\">Modalit\u00e0 di rilascio delle informazioni, termini e limitazioni\u00a0<\/span><\/p>\n<p align=\"justify\"><span style=\"color: #000000;\">Mi impegno per rispondere a tutte le richieste entro 30 giorni. Questo termine, <\/span><span style=\"color: #000000;\">tuttavia, potr\u00e0 essere prorogato per motivi relativi allo specifico diritto da Te <\/span><span style=\"color: #000000;\">esercitato o alla complessit\u00e0 della Tua richiesta.<\/span><\/p>\n<p align=\"justify\"><span style=\"color: #000000;\">Ti ricordo che, quando invii una e-mail per esercitare i Tuoi diritti, potrei chiederTi di <\/span><span style=\"color: #000000;\">identificarTi prima di procedere con la Tua richiesta, al solo fine di accertarmi che il <\/span><span style=\"color: #000000;\">richiedente sia veramente Tu!<\/span><br \/>\n<span style=\"color: #000000;\">Prendo decisioni basate su trattamenti automatizzati?<\/span><\/p>\n<p align=\"justify\"><span style=\"color: #000000;\">Ci tengo a farTi sapere che io non prender\u00f2 in ogni caso decisioni nei Tuoi confronti <\/span><span style=\"color: #000000;\">che siano basate unicamente su trattamenti automatizzati.<\/span><br \/>\n<span style=\"color: #000000;\">Sei tenuto\/a a fornire i dati personali che richiedo?<\/span><\/p>\n<p align=\"justify\"><span style=\"color: #000000;\">La comunicazione dei Tuoi dati \u00e8 assolutamente facoltativa e non sei obbligato a <\/span><span style=\"color: #000000;\">fornirmi i Tuoi dati personali.<\/span><\/p>\n<p align=\"justify\"><span style=\"color: #000000;\">Ovviamente, se non lo fai diventerebbe praticamente impossibile fornirTi una <\/span><span style=\"color: #000000;\">Consulenza Individuale, un preventivo o iscriverTi alla newsletter. Peraltro, <\/span><span style=\"color: #000000;\">relativamente all\u2019eventuale contratto tra noi in essere e solo con riferimento al <\/span><span style=\"color: #000000;\">medesimo, tali dati possono essere indispensabili per l\u2019adempimento degli obblighi<\/span><\/p>\n<p align=\"justify\"><span style=\"color: #000000;\">legali e contrattuali derivanti dal contratto in corso o da eventuali futuri rapporti\u00a0<\/span><span style=\"color: #000000;\">contrattuali. Di conseguenza, una volta conferiti i dati, il trattamento pu\u00f2 essere <\/span><span style=\"color: #000000;\">invero necessario per adempiere ad obblighi a cui io sono soggetto.<\/span><\/p>\n<p align=\"justify\"><span style=\"color: #000000;\">Diritto di revoca del consenso da Te prestato. <\/span><span style=\"color: #000000;\">Quando il trattamento dei dati \u00e8 basato unicamente sul Tuo consenso, hai la <\/span><span style=\"color: #000000;\">possibilit\u00e0 di revocare tale consenso in qualsiasi momento. L\u2019eventuale revoca non<\/span><br \/>\n<span style=\"color: #000000;\">pregiudica la liceit\u00e0 del trattamento da me effettuato prima della revoca.<\/span><\/p>\n<p><strong><span style=\"color: #000000;\">Dati di navigazione<\/span><\/strong><\/p>\n<p align=\"justify\"><span style=\"color: #000000;\">Quando visiti questo sito, il server salva temporaneamente ogni accesso in un file di <\/span><span style=\"color: #000000;\">registro, chiamato anche file di log. Vengono ad esempio salvati fino alla loro <\/span><span style=\"color: #000000;\">cancellazione automatica dati tecnici quali l\u2019indirizzo IP del computer richiedente, il <\/span><span style=\"color: #000000;\">nome del proprietario dell\u2019intervallo di indirizzi IP, la data e l\u2019ora dell\u2019accesso, il sito <\/span><span style=\"color: #000000;\">web da cui \u00e8 stato effettuato l\u2019accesso (Referer URL), se del caso con il termine di<\/span><\/p>\n<p align=\"justify\"><span style=\"color: #000000;\">ricerca utilizzato, il nome e l\u2019URL dei file recuperati, il codice di stato (ad es.<\/span><span style=\"color: #000000;\">messaggi di errore), il sistema operativo del computer dell\u2019utente, il browser (tipo, <\/span><span style=\"color: #000000;\">versione e lingua), il protocollo di trasmissione utilizzato.<\/span><br \/>\n<span style=\"color: #000000;\">Questi dati potranno essere utilizzati dal Titolare per ricavare informazioni <\/span><\/p>\n<p align=\"justify\"><span style=\"color: #000000;\">statistiche anonime sull\u2019uso del sito al fine di individuare le pagine preferite dagli <\/span><span style=\"color: #000000;\">utenti in modo da fornire contenuti sempre pi\u00f9 adeguati e per controllarne il <\/span><span style=\"color: #000000;\">corretto funzionamento. Inoltre, questi dati potrebbero essere utilizzati per <\/span><span style=\"color: #000000;\">l\u2019accertamento di responsabilit\u00e0 in caso di commissione di reati informatici ai danni <\/span><span style=\"color: #000000;\">del sito, di attacchi all\u2019infrastruttura di rete o di altri utilizzi non autorizzati o abusivi <\/span><span style=\"color: #000000;\">del sito.<\/span><br \/>\n<span style=\"color: #000000;\">La base giuridica di questa tipologia di trattamento dei dati risiede nel legittimo <\/p>\n<p align=\"justify\"><\/span><span style=\"color: #000000;\">interesse del Titolare ai sensi dell\u2019art. 6 par. 1 lett. f) GDPR. Il conferimento di <\/span><span style=\"color: #000000;\">questi dati \u00e8 obbligatorio nel caso di navigazione sul sito.<\/span><br \/>\n<strong><span style=\"color: #000000;\">Cookies o tecnologie similari<\/span><\/strong><\/p>\n<p align=\"justify\"><span style=\"color: #000000;\">I cookies sono piccoli file di testo memorizzati dal computer nel momento in cui un <\/span><span style=\"color: #000000;\">sito viene visitato da un utente. Troverai maggiori informazioni <\/span><span style=\"color: #000000;\">all\u2019interno dell\u2019informativa estesa sui cookies.<\/span><\/p>\n<p align=\"justify\"><span style=\"color: #000000;\">La base giuridica del trattamento dei dati effettuato tramite l\u2019installazione di cookies <\/span><span style=\"color: #000000;\">tecnici risiede nel legittimo interesse del Titolare ai sensi dell\u2019art. 6 par. 1 lett. f) <\/span><span style=\"color: #000000;\">GDPR a garantire la funzionalit\u00e0 del sito; nel caso di installazione di cookies diversi <\/span><span style=\"color: #000000;\">da quelli tecnici, il trattamento dei dati personali \u00e8 basato sul consenso, fornito ai <\/span><span style=\"color: #000000;\">sensi dell\u2019art. 6 par. 1 lett. a) GDPR tramite il cookie-banner. Inoltre, quando si<\/span><br \/>\n<span style=\"color: #000000;\">accede e si naviga sul sito, il conferimento dei dati raccolti tramite cookies \u00e8 <\/span><span style=\"color: #000000;\">obbligatorio nel caso di cookie tecnici, mentre \u00e8 facoltativo negli altri casi.<\/span><\/p>\n<p><strong><span style=\"color: #000000;\">Modifica alla presente informativa<\/span><\/strong><\/p>\n<p align=\"justify\"><span style=\"color: #000000;\">I termini indicati nella presente Informativa potrebbero essere di volta in volta <\/span><span style=\"color: #000000;\">modificati. Laddove questo fosse il caso, sar\u00e0 mia premura pubblicare qualsiasi <\/span><span style=\"color: #000000;\">modifica rilevante apportata alla presente Informativa mediante apposita <\/span><span style=\"color: #000000;\">comunicazione sul mio sito internet oppure mettendomi direttamente in contatto<\/span><\/p>\n<p align=\"justify\"><span style=\"color: #000000;\">con Te tramite altri canali di comunicazione disponibili.<\/span><\/p>\n","protected":false},"excerpt":{"rendered":"<p>Cookie e Privacy Policy Il mio nome \u00e8 Carmine Rapan\u00e0 e sono un Esperto in Legge dell\u2019Attrazione, Mental Coach e consulente VMR Sonsulting. Nell\u2019esercitare la mia attivit\u00e0, ho la necessit\u00e0 di trattare dati personali dei miei Clienti o anche di semplici curiosi che mi chiedono informazioni, preventivi riguardanti i miei [&hellip;]<\/p>\n","protected":false},"author":1,"featured_media":0,"parent":0,"menu_order":0,"comment_status":"closed","ping_status":"closed","template":"","meta":{"footnotes":""},"class_list":["post-704","page","type-page","status-publish","hentry"],"yoast_head":"<!-- This site is optimized with the Yoast SEO plugin v21.5 - https:\/\/yoast.com\/wordpress\/plugins\/seo\/ -->\n<title>Privacy - Carmine Rapan\u00e0 - Mental Coach<\/title>\n<meta name=\"robots\" content=\"index, follow, max-snippet:-1, max-image-preview:large, max-video-preview:-1\" \/>\n<link rel=\"canonical\" href=\"https:\/\/www.carminerapana.com\/index.php\/privacy\/\" \/>\n<meta property=\"og:locale\" content=\"it_IT\" \/>\n<meta property=\"og:type\" content=\"article\" \/>\n<meta property=\"og:title\" content=\"Privacy - Carmine Rapan\u00e0 - Mental Coach\" \/>\n<meta property=\"og:description\" content=\"Cookie e Privacy Policy Il mio nome \u00e8 Carmine Rapan\u00e0 e sono un Esperto in Legge dell\u2019Attrazione, Mental Coach e consulente VMR Sonsulting. Nell\u2019esercitare la mia attivit\u00e0, ho la necessit\u00e0 di trattare dati personali dei miei Clienti o anche di semplici curiosi che mi chiedono informazioni, preventivi riguardanti i miei [&hellip;]\" \/>\n<meta property=\"og:url\" content=\"https:\/\/www.carminerapana.com\/index.php\/privacy\/\" \/>\n<meta property=\"og:site_name\" content=\"Carmine Rapan\u00e0 - Mental Coach\" \/>\n<meta property=\"article:publisher\" content=\"https:\/\/www.facebook.com\/profile.php?id=100089251771047\" \/>\n<meta property=\"article:modified_time\" content=\"2023-01-19T18:06:18+00:00\" \/>\n<meta name=\"twitter:card\" content=\"summary_large_image\" \/>\n<meta name=\"twitter:label1\" content=\"Tempo di lettura stimato\" \/>\n\t<meta name=\"twitter:data1\" content=\"9 minuti\" \/>\n<script type=\"application\/ld+json\" class=\"yoast-schema-graph\">{\"@context\":\"https:\/\/schema.org\",\"@graph\":[{\"@type\":\"WebPage\",\"@id\":\"https:\/\/www.carminerapana.com\/index.php\/privacy\/\",\"url\":\"https:\/\/www.carminerapana.com\/index.php\/privacy\/\",\"name\":\"Privacy - Carmine Rapan\u00e0 - Mental Coach\",\"isPartOf\":{\"@id\":\"https:\/\/www.carminerapana.com\/#website\"},\"datePublished\":\"2023-01-17T20:33:44+00:00\",\"dateModified\":\"2023-01-19T18:06:18+00:00\",\"breadcrumb\":{\"@id\":\"https:\/\/www.carminerapana.com\/index.php\/privacy\/#breadcrumb\"},\"inLanguage\":\"it-IT\",\"potentialAction\":[{\"@type\":\"ReadAction\",\"target\":[\"https:\/\/www.carminerapana.com\/index.php\/privacy\/\"]}]},{\"@type\":\"BreadcrumbList\",\"@id\":\"https:\/\/www.carminerapana.com\/index.php\/privacy\/#breadcrumb\",\"itemListElement\":[{\"@type\":\"ListItem\",\"position\":1,\"name\":\"Home\",\"item\":\"https:\/\/www.carminerapana.com\/\"},{\"@type\":\"ListItem\",\"position\":2,\"name\":\"Privacy\"}]},{\"@type\":\"WebSite\",\"@id\":\"https:\/\/www.carminerapana.com\/#website\",\"url\":\"https:\/\/www.carminerapana.com\/\",\"name\":\"Carmine Rapan\u00e0 - Mental Coach\",\"description\":\"Carmine Rapan\u00e0 - Mental Coach\",\"publisher\":{\"@id\":\"https:\/\/www.carminerapana.com\/#\/schema\/person\/0e3f666d21f2213afbed6d9b85df2f9a\"},\"potentialAction\":[{\"@type\":\"SearchAction\",\"target\":{\"@type\":\"EntryPoint\",\"urlTemplate\":\"https:\/\/www.carminerapana.com\/?s={search_term_string}\"},\"query-input\":\"required name=search_term_string\"}],\"inLanguage\":\"it-IT\"},{\"@type\":[\"Person\",\"Organization\"],\"@id\":\"https:\/\/www.carminerapana.com\/#\/schema\/person\/0e3f666d21f2213afbed6d9b85df2f9a\",\"name\":\"Carmine Rapan\u00e0\",\"image\":{\"@type\":\"ImageObject\",\"inLanguage\":\"it-IT\",\"@id\":\"https:\/\/www.carminerapana.com\/#\/schema\/person\/image\/\",\"url\":\"https:\/\/www.carminerapana.com\/wp-content\/uploads\/2024\/04\/cropped-Carmine-Rapana-mental-coach-300x99-1.jpg\",\"contentUrl\":\"https:\/\/www.carminerapana.com\/wp-content\/uploads\/2024\/04\/cropped-Carmine-Rapana-mental-coach-300x99-1.jpg\",\"width\":300,\"height\":99,\"caption\":\"Carmine Rapan\u00e0\"},\"logo\":{\"@id\":\"https:\/\/www.carminerapana.com\/#\/schema\/person\/image\/\"},\"sameAs\":[\"https:\/\/test.carminerapana.com\",\"https:\/\/www.facebook.com\/profile.php?id=100089251771047\"]}]}<\/script>\n<!-- \/ Yoast SEO plugin. -->","yoast_head_json":{"title":"Privacy - Carmine Rapan\u00e0 - Mental Coach","robots":{"index":"index","follow":"follow","max-snippet":"max-snippet:-1","max-image-preview":"max-image-preview:large","max-video-preview":"max-video-preview:-1"},"canonical":"https:\/\/www.carminerapana.com\/index.php\/privacy\/","og_locale":"it_IT","og_type":"article","og_title":"Privacy - Carmine Rapan\u00e0 - Mental Coach","og_description":"Cookie e Privacy Policy Il mio nome \u00e8 Carmine Rapan\u00e0 e sono un Esperto in Legge dell\u2019Attrazione, Mental Coach e consulente VMR Sonsulting. Nell\u2019esercitare la mia attivit\u00e0, ho la necessit\u00e0 di trattare dati personali dei miei Clienti o anche di semplici curiosi che mi chiedono informazioni, preventivi riguardanti i miei [&hellip;]","og_url":"https:\/\/www.carminerapana.com\/index.php\/privacy\/","og_site_name":"Carmine Rapan\u00e0 - Mental Coach","article_publisher":"https:\/\/www.facebook.com\/profile.php?id=100089251771047","article_modified_time":"2023-01-19T18:06:18+00:00","twitter_card":"summary_large_image","twitter_misc":{"Tempo di lettura stimato":"9 minuti"},"schema":{"@context":"https:\/\/schema.org","@graph":[{"@type":"WebPage","@id":"https:\/\/www.carminerapana.com\/index.php\/privacy\/","url":"https:\/\/www.carminerapana.com\/index.php\/privacy\/","name":"Privacy - Carmine Rapan\u00e0 - Mental Coach","isPartOf":{"@id":"https:\/\/www.carminerapana.com\/#website"},"datePublished":"2023-01-17T20:33:44+00:00","dateModified":"2023-01-19T18:06:18+00:00","breadcrumb":{"@id":"https:\/\/www.carminerapana.com\/index.php\/privacy\/#breadcrumb"},"inLanguage":"it-IT","potentialAction":[{"@type":"ReadAction","target":["https:\/\/www.carminerapana.com\/index.php\/privacy\/"]}]},{"@type":"BreadcrumbList","@id":"https:\/\/www.carminerapana.com\/index.php\/privacy\/#breadcrumb","itemListElement":[{"@type":"ListItem","position":1,"name":"Home","item":"https:\/\/www.carminerapana.com\/"},{"@type":"ListItem","position":2,"name":"Privacy"}]},{"@type":"WebSite","@id":"https:\/\/www.carminerapana.com\/#website","url":"https:\/\/www.carminerapana.com\/","name":"Carmine Rapan\u00e0 - Mental Coach","description":"Carmine Rapan\u00e0 - Mental Coach","publisher":{"@id":"https:\/\/www.carminerapana.com\/#\/schema\/person\/0e3f666d21f2213afbed6d9b85df2f9a"},"potentialAction":[{"@type":"SearchAction","target":{"@type":"EntryPoint","urlTemplate":"https:\/\/www.carminerapana.com\/?s={search_term_string}"},"query-input":"required name=search_term_string"}],"inLanguage":"it-IT"},{"@type":["Person","Organization"],"@id":"https:\/\/www.carminerapana.com\/#\/schema\/person\/0e3f666d21f2213afbed6d9b85df2f9a","name":"Carmine Rapan\u00e0","image":{"@type":"ImageObject","inLanguage":"it-IT","@id":"https:\/\/www.carminerapana.com\/#\/schema\/person\/image\/","url":"https:\/\/www.carminerapana.com\/wp-content\/uploads\/2024\/04\/cropped-Carmine-Rapana-mental-coach-300x99-1.jpg","contentUrl":"https:\/\/www.carminerapana.com\/wp-content\/uploads\/2024\/04\/cropped-Carmine-Rapana-mental-coach-300x99-1.jpg","width":300,"height":99,"caption":"Carmine Rapan\u00e0"},"logo":{"@id":"https:\/\/www.carminerapana.com\/#\/schema\/person\/image\/"},"sameAs":["https:\/\/test.carminerapana.com","https:\/\/www.facebook.com\/profile.php?id=100089251771047"]}]}},"_links":{"self":[{"href":"https:\/\/www.carminerapana.com\/index.php\/wp-json\/wp\/v2\/pages\/704","targetHints":{"allow":["GET"]}}],"collection":[{"href":"https:\/\/www.carminerapana.com\/index.php\/wp-json\/wp\/v2\/pages"}],"about":[{"href":"https:\/\/www.carminerapana.com\/index.php\/wp-json\/wp\/v2\/types\/page"}],"author":[{"embeddable":true,"href":"https:\/\/www.carminerapana.com\/index.php\/wp-json\/wp\/v2\/users\/1"}],"replies":[{"embeddable":true,"href":"https:\/\/www.carminerapana.com\/index.php\/wp-json\/wp\/v2\/comments?post=704"}],"version-history":[{"count":12,"href":"https:\/\/www.carminerapana.com\/index.php\/wp-json\/wp\/v2\/pages\/704\/revisions"}],"predecessor-version":[{"id":731,"href":"https:\/\/www.carminerapana.com\/index.php\/wp-json\/wp\/v2\/pages\/704\/revisions\/731"}],"wp:attachment":[{"href":"https:\/\/www.carminerapana.com\/index.php\/wp-json\/wp\/v2\/media?parent=704"}],"curies":[{"name":"wp","href":"https:\/\/api.w.org\/{rel}","templated":true}]}}